{"id":2004,"date":"2025-08-11T17:51:01","date_gmt":"2025-08-11T20:51:01","guid":{"rendered":"https:\/\/brasileradigital.com.br\/?page_id=2004"},"modified":"2025-08-12T15:21:09","modified_gmt":"2025-08-12T18:21:09","slug":"blog-2","status":"publish","type":"page","link":"https:\/\/brasileradigital.com.br\/index.php\/blog-2\/","title":{"rendered":"Blog 2"},"content":{"rendered":"\t\t<div data-elementor-type=\"wp-page\" data-elementor-id=\"2004\" class=\"elementor elementor-2004\">\n\t\t\t\t<div class=\"elementor-element elementor-element-00dcf83 e-flex e-con-boxed wpr-particle-no wpr-jarallax-no wpr-parallax-no e-con e-parent\" data-id=\"00dcf83\" data-element_type=\"container\" data-settings=\"{&quot;background_background&quot;:&quot;classic&quot;}\">\n\t\t\t\t\t<div class=\"e-con-inner\">\n\t\t\t\t<div class=\"elementor-element elementor-element-bddd6b6 jltma-glass-effect-no elementor-widget elementor-widget-image\" data-id=\"bddd6b6\" data-element_type=\"widget\" data-widget_type=\"image.default\">\n\t\t\t\t<div class=\"elementor-widget-container\">\n\t\t\t\t\t\t\t\t\t\t\t\t\t\t\t<img decoding=\"async\" width=\"105\" height=\"43\" src=\"https:\/\/brasileradigital.com.br\/wp-content\/uploads\/2025\/08\/Frame-32.png\" class=\"attachment-large size-large wp-image-2031\" alt=\"\" \/>\t\t\t\t\t\t\t\t\t\t\t\t\t\t\t<\/div>\n\t\t\t\t<\/div>\n\t\t<div class=\"elementor-element elementor-element-4ae517e e-con-full e-flex wpr-particle-no wpr-jarallax-no wpr-parallax-no wpr-sticky-section-no e-con e-child\" data-id=\"4ae517e\" data-element_type=\"container\">\n\t\t\t\t<div class=\"elementor-element elementor-element-ff6aac1 jltma-menu-alignment-center jltma-icon-position-right jltma-dropdown-breakpoints-tablet jltma-dropdown-align-flex-start jltma-toggle-view-stacked jltma-main-menu-item-border-type-default jltma-dropdown-border-type-default jltma-dropdown-main-level-border-type-default jltma-dropdown-item-border-type-default jltma-pointer-none jltma-glass-effect-no elementor-widget elementor-widget-ma-navmenu\" data-id=\"ff6aac1\" data-element_type=\"widget\" data-settings=\"{&quot;layout&quot;:&quot;horizontal&quot;,&quot;dropdown_breakpoints&quot;:&quot;tablet&quot;}\" data-widget_type=\"ma-navmenu.default\">\n\t\t\t\t<div class=\"elementor-widget-container\">\n\t\t\t\t\t<nav class=\"jltma-nav-menu__main jltma-nav-menu__container default-main-icon-hide  jltma-layout-horizontal\" data-icon-main=\"fas fa-chevron-down\" data-icon-sub=\"\"><ul id=\"menu-1-ff6aac1\" class=\"jltma-nav-menu__container-inner\"><li id=\"menu-item-2030\" class=\"menu-item menu-item-type-post_type menu-item-object-page menu-item-2030\"><a href=\"https:\/\/brasileradigital.com.br\/index.php\/home-2\/\" class=\"jltma-nav-menu__dropdown-item jltma-nav-menu__item-link-top\">Home<span class=\"jltma-animation\"><\/span><\/a><\/li>\n<li id=\"menu-item-2029\" class=\"menu-item menu-item-type-post_type menu-item-object-page menu-item-2029\"><a href=\"https:\/\/brasileradigital.com.br\/index.php\/sobre\/\" class=\"jltma-nav-menu__dropdown-item jltma-nav-menu__item-link-top\">Sobre<span class=\"jltma-animation\"><\/span><\/a><\/li>\n<li id=\"menu-item-2028\" class=\"menu-item menu-item-type-post_type menu-item-object-page menu-item-2028\"><a href=\"https:\/\/brasileradigital.com.br\/index.php\/cases\/\" class=\"jltma-nav-menu__dropdown-item jltma-nav-menu__item-link-top\">Cases<span class=\"jltma-animation\"><\/span><\/a><\/li>\n<li id=\"menu-item-2027\" class=\"menu-item menu-item-type-post_type menu-item-object-page menu-item-2027\"><a href=\"https:\/\/brasileradigital.com.br\/index.php\/squad\/\" class=\"jltma-nav-menu__dropdown-item jltma-nav-menu__item-link-top\">Squad<span class=\"jltma-animation\"><\/span><\/a><\/li>\n<li id=\"menu-item-2026\" class=\"menu-item menu-item-type-post_type menu-item-object-page menu-item-2026\"><a href=\"https:\/\/brasileradigital.com.br\/index.php\/blog-2\/\" class=\"jltma-nav-menu__dropdown-item jltma-nav-menu__item-link-top\">Blog<span class=\"jltma-animation\"><\/span><\/a><\/li>\n<\/ul><\/nav><div class=\"jltma-nav-menu__toggle-container jltma-layout-horizontal jltma-menu-dropdown-type-\"><div class=\"jltma-nav-menu__toggle\"><span class=\"jltma-toggle-icon\"><i class=\"eicon-menu-bar\"><\/i><\/span><span class=\"jltma-toggle-icon-active\"><i class=\"eicon-close\"><\/i><\/span><\/div><\/div><nav class=\"jltma-nav-menu__dropdown jltma-nav-menu__container jltma-layout-horizontal jltma-menu-dropdown-type- jltma-arrow-animation-\" data-icon-sub=\"\"><ul id=\"jltma_menu-4-ff6aac1\" class=\"jltma-nav-menu__container-inner jltma-nav-menu-dropdown\"><li class=\"menu-item menu-item-type-post_type menu-item-object-page menu-item-2030\"><a href=\"https:\/\/brasileradigital.com.br\/index.php\/home-2\/\">Home<\/a><\/li>\n<li class=\"menu-item menu-item-type-post_type menu-item-object-page menu-item-2029\"><a href=\"https:\/\/brasileradigital.com.br\/index.php\/sobre\/\">Sobre<\/a><\/li>\n<li class=\"menu-item menu-item-type-post_type menu-item-object-page menu-item-2028\"><a href=\"https:\/\/brasileradigital.com.br\/index.php\/cases\/\">Cases<\/a><\/li>\n<li class=\"menu-item menu-item-type-post_type menu-item-object-page menu-item-2027\"><a href=\"https:\/\/brasileradigital.com.br\/index.php\/squad\/\">Squad<\/a><\/li>\n<li class=\"menu-item menu-item-type-post_type menu-item-object-page menu-item-2026\"><a href=\"https:\/\/brasileradigital.com.br\/index.php\/blog-2\/\">Blog<\/a><\/li>\n<\/ul><\/nav>\t\t\t\t<\/div>\n\t\t\t\t<\/div>\n\t\t\t\t<div class=\"elementor-element elementor-element-9f41845 jltma-glass-effect-no elementor-widget elementor-widget-button\" data-id=\"9f41845\" data-element_type=\"widget\" data-widget_type=\"button.default\">\n\t\t\t\t<div class=\"elementor-widget-container\">\n\t\t\t\t\t\t\t\t\t<div class=\"elementor-button-wrapper\">\n\t\t\t\t\t<a class=\"elementor-button elementor-button-link elementor-size-sm\" href=\"https:\/\/brasileradigital.com.br\/index.php\/contato\/\">\n\t\t\t\t\t\t<span class=\"elementor-button-content-wrapper\">\n\t\t\t\t\t\t<span class=\"elementor-button-icon\">\n\t\t\t\t<svg xmlns=\"http:\/\/www.w3.org\/2000\/svg\" width=\"14\" height=\"12\" viewBox=\"0 0 14 12\" fill=\"none\"><path d=\"M7.87695 0.832886C7.98068 0.839409 8.08278 0.862438 8.17871 0.901245L8.27246 0.94519L8.36133 0.998901C8.43032 1.04603 8.49123 1.10353 8.5459 1.16687L12.6992 5.3407C12.8794 5.52185 12.9805 5.76778 12.9805 6.02332C12.9804 6.2787 12.8793 6.5239 12.6992 6.70496L8.54199 10.8817L8.54297 10.8827C8.49334 10.9328 8.39685 11.0292 8.24316 11.0936C8.12596 11.1427 8.0001 11.1684 7.87305 11.1688C7.74611 11.1692 7.62036 11.1448 7.50293 11.0966C7.42263 11.0636 7.34854 11.0156 7.30273 10.9833C7.25339 10.9485 7.19573 10.9024 7.14746 10.8544V10.8534C7.12027 10.8263 7.09024 10.7935 7.0625 10.7528C7.03281 10.7092 7.01244 10.6677 6.99805 10.6317C6.99155 10.6155 6.98638 10.6015 6.9834 10.5927C6.98196 10.5884 6.98037 10.5846 6.97949 10.5819C6.97841 10.5786 6.97815 10.5769 6.97754 10.5751C6.92853 10.458 6.90376 10.3319 6.90332 10.205C6.90292 10.078 6.92735 9.95228 6.97559 9.83484L7.01562 9.7489C7.06009 9.66511 7.11648 9.58791 7.18359 9.52039L9.69336 6.99011H1.9668C1.71052 6.99011 1.46448 6.88806 1.2832 6.70691C1.12447 6.54818 1.02678 6.33949 1.00488 6.11804L1 6.02332L1.00488 5.92761C1.0268 5.7063 1.12461 5.49839 1.2832 5.33972L1.35449 5.27527C1.52649 5.13442 1.74253 5.05652 1.9668 5.05652H9.69434L7.18359 2.52527V2.52429C7.04635 2.4049 6.94331 2.25126 6.89062 2.07605C6.83047 1.87598 6.83637 1.66187 6.9082 1.4657L6.97363 1.3241C7.04948 1.18925 7.15728 1.07359 7.28809 0.988159L7.42383 0.91394C7.5654 0.851072 7.72084 0.82311 7.87695 0.832886Z\" fill=\"#F5F5F5\" stroke=\"#F5F5F5\"><\/path><\/svg>\t\t\t<\/span>\n\t\t\t\t\t\t\t\t\t<span class=\"elementor-button-text\">Contato<\/span>\n\t\t\t\t\t<\/span>\n\t\t\t\t\t<\/a>\n\t\t\t\t<\/div>\n\t\t\t\t\t\t\t\t<\/div>\n\t\t\t\t<\/div>\n\t\t\t\t<\/div>\n\t\t\t\t\t<\/div>\n\t\t\t\t<\/div>\n\t\t<div class=\"elementor-element elementor-element-d555cf9 e-flex e-con-boxed wpr-particle-no wpr-jarallax-no wpr-parallax-no wpr-sticky-section-no e-con e-parent\" data-id=\"d555cf9\" data-element_type=\"container\" data-settings=\"{&quot;background_background&quot;:&quot;classic&quot;}\">\n\t\t\t\t\t<div class=\"e-con-inner\">\n\t\t\t\t<div class=\"elementor-element elementor-element-541741b elementor-widget__width-initial jltma-glass-effect-no elementor-widget elementor-widget-heading\" data-id=\"541741b\" data-element_type=\"widget\" data-widget_type=\"heading.default\">\n\t\t\t\t<div class=\"elementor-widget-container\">\n\t\t\t\t\t<h2 class=\"elementor-heading-title elementor-size-default\">Blog<\/h2>\t\t\t\t<\/div>\n\t\t\t\t<\/div>\n\t\t\t\t\t<\/div>\n\t\t\t\t<\/div>\n\t\t<div class=\"elementor-element elementor-element-776dfd2 e-flex e-con-boxed wpr-particle-no wpr-jarallax-no wpr-parallax-no wpr-sticky-section-no e-con e-parent\" data-id=\"776dfd2\" data-element_type=\"container\" data-settings=\"{&quot;background_background&quot;:&quot;classic&quot;}\">\n\t\t\t\t\t<div class=\"e-con-inner\">\n\t\t<div class=\"elementor-element elementor-element-81ade75 e-con-full blur e-flex wpr-particle-no wpr-jarallax-no wpr-parallax-no wpr-sticky-section-no e-con e-child\" data-id=\"81ade75\" data-element_type=\"container\">\n\t\t\t\t<div class=\"elementor-element elementor-element-4968e31 wpr-grid-columns-3 wpr-grid-columns--laptop3 wpr-grid-columns--tablet2 wpr-grid-columns--mobile1 wpr-grid-pagination-center wpr-item-styles-inner jltma-glass-effect-no elementor-widget elementor-widget-wpr-grid\" data-id=\"4968e31\" data-element_type=\"widget\" data-widget_type=\"wpr-grid.default\">\n\t\t\t\t<div class=\"elementor-widget-container\">\n\t\t\t\t\t<ul class=\"wpr-grid-filters elementor-clearfix wpr-grid-filters-sep-right\"><li class=\" wpr-pointer-none wpr-pointer-line-fx wpr-pointer-fx-none\"><span  data-filter=\"*\" class=\"wpr-grid-filters-item wpr-active-filter \">All Posts<\/span><em class=\"wpr-grid-filters-sep\"><\/em><\/li><li class=\" wpr-pointer-none wpr-pointer-line-fx wpr-pointer-fx-none\"><span   data-ajax-filter=[\"category\",\"camila-loures\"]  data-filter=\".category-camila-loures\">camila loures<\/span><em class=\"wpr-grid-filters-sep\"><\/em><\/li><li class=\" wpr-pointer-none wpr-pointer-line-fx wpr-pointer-fx-none\"><span   data-ajax-filter=[\"category\",\"carnaval\"]  data-filter=\".category-carnaval\">Carnaval<\/span><em class=\"wpr-grid-filters-sep\"><\/em><\/li><li class=\" wpr-pointer-none wpr-pointer-line-fx wpr-pointer-fx-none\"><span   data-ajax-filter=[\"category\",\"lucas\"]  data-filter=\".category-lucas\">lucas<\/span><em class=\"wpr-grid-filters-sep\"><\/em><\/li><li class=\" wpr-pointer-none wpr-pointer-line-fx wpr-pointer-fx-none\"><span   data-ajax-filter=[\"category\",\"lucas-guimaraes\"]  data-filter=\".category-lucas-guimaraes\">Lucas Guimar\u00e3es<\/span><em class=\"wpr-grid-filters-sep\"><\/em><\/li><li class=\" wpr-pointer-none wpr-pointer-line-fx wpr-pointer-fx-none\"><span   data-ajax-filter=[\"category\",\"lulu\"]  data-filter=\".category-lulu\">lulu<\/span><em class=\"wpr-grid-filters-sep\"><\/em><\/li><li class=\" wpr-pointer-none wpr-pointer-line-fx wpr-pointer-fx-none\"><span   data-ajax-filter=[\"category\",\"matteusamaral\"]  data-filter=\".category-matteusamaral\">matteusamaral<\/span><em class=\"wpr-grid-filters-sep\"><\/em><\/li><li class=\" wpr-pointer-none wpr-pointer-line-fx wpr-pointer-fx-none\"><span   data-ajax-filter=[\"category\",\"podcats\"]  data-filter=\".category-podcats\">PODCATS<\/span><em class=\"wpr-grid-filters-sep\"><\/em><\/li><li class=\" wpr-pointer-none wpr-pointer-line-fx wpr-pointer-fx-none\"><span   data-ajax-filter=[\"category\",\"sem-categoria\"]  data-filter=\".category-sem-categoria\">Sem categoria<\/span><em class=\"wpr-grid-filters-sep\"><\/em><\/li><\/ul><section class=\"wpr-grid elementor-clearfix\" data-settings=\"{&quot;layout&quot;:&quot;fitRows&quot;,&quot;stick_last_element_to_bottom&quot;:&quot;&quot;,&quot;columns_desktop&quot;:3,&quot;gutter_hr&quot;:15,&quot;gutter_hr_mobile&quot;:15,&quot;gutter_hr_mobile_extra&quot;:15,&quot;gutter_hr_tablet&quot;:15,&quot;gutter_hr_tablet_extra&quot;:15,&quot;gutter_hr_laptop&quot;:15,&quot;gutter_hr_widescreen&quot;:15,&quot;gutter_vr&quot;:15,&quot;gutter_vr_mobile&quot;:15,&quot;gutter_vr_mobile_extra&quot;:15,&quot;gutter_vr_tablet&quot;:15,&quot;gutter_vr_tablet_extra&quot;:15,&quot;gutter_vr_laptop&quot;:15,&quot;gutter_vr_widescreen&quot;:15,&quot;animation&quot;:&quot;default&quot;,&quot;animation_duration&quot;:0.3,&quot;animation_delay&quot;:0.1,&quot;deeplinking&quot;:&quot;&quot;,&quot;filters_linkable&quot;:&quot;no&quot;,&quot;filters_default_filter&quot;:&quot;&quot;,&quot;filters_count&quot;:&quot;&quot;,&quot;filters_hide_empty&quot;:&quot;no&quot;,&quot;filters_animation&quot;:&quot;default&quot;,&quot;filters_animation_duration&quot;:0.3,&quot;filters_animation_delay&quot;:0.1,&quot;pagination_type&quot;:&quot;load-more&quot;,&quot;pagination_max_pages&quot;:2,&quot;lightbox&quot;:{&quot;selector&quot;:&quot;.wpr-grid-image-wrap&quot;,&quot;iframeMaxWidth&quot;:&quot;60%&quot;,&quot;hash&quot;:false,&quot;autoplay&quot;:&quot;true&quot;,&quot;pause&quot;:5000,&quot;progressBar&quot;:&quot;true&quot;,&quot;counter&quot;:&quot;true&quot;,&quot;controls&quot;:&quot;true&quot;,&quot;getCaptionFromTitleOrAlt&quot;:&quot;true&quot;,&quot;thumbnail&quot;:&quot;&quot;,&quot;showThumbByDefault&quot;:&quot;&quot;,&quot;share&quot;:&quot;&quot;,&quot;zoom&quot;:&quot;true&quot;,&quot;fullScreen&quot;:&quot;true&quot;,&quot;download&quot;:&quot;true&quot;}}\"><article class=\"wpr-grid-item elementor-clearfix post-1739 post type-post status-publish format-standard has-post-thumbnail hentry category-sem-categoria\"><div class=\"wpr-grid-item-inner\"><div class=\"wpr-grid-media-wrap wpr-effect-size-medium \" data-overlay-link=\"yes\"><div class=\"wpr-grid-image-wrap\" data-src=\"https:\/\/brasileradigital.com.br\/wp-content\/uploads\/2025\/04\/ESSE-E-1.png\" data-img-on-hover=\"\"  data-src-secondary=\"\"><img decoding=\"async\" data-no-lazy=\"1\" src=\"https:\/\/brasileradigital.com.br\/wp-content\/uploads\/2025\/04\/ESSE-E-1.png\" alt=\"Eita Lucas Agita Praia Grande com Z\u00e9 Vaqueiro e Lucas Por Ai\" class=\"wpr-anim-timing-ease-default\"><\/div><div class=\"wpr-grid-media-hover wpr-animation-wrap\"><div class=\"wpr-grid-media-hover-bg  wpr-overlay-fade-in wpr-anim-size-large wpr-anim-timing-ease-default wpr-anim-transparency\" data-url=\"https:\/\/brasileradigital.com.br\/index.php\/2025\/04\/29\/eita-lucas-praia-grande-ze-vaqueiro\/\"><\/div><\/div><\/div><div class=\"wpr-grid-item-below-content elementor-clearfix\"><div class=\"wpr-grid-item-date elementor-repeater-item-a1f59bb wpr-grid-item-display-inline wpr-grid-item-align-left\"><div class=\"inner-block\"><span>29 de abril de 2025<span class=\"wpr-grid-extra-text-right\">\/<\/span><\/span><\/div><\/div><h2 class=\"wpr-grid-item-title elementor-repeater-item-3088716 wpr-grid-item-display-block wpr-grid-item-align-left wpr-pointer-none wpr-pointer-line-fx wpr-pointer-fx-fade\"><div class=\"inner-block\"><a target=\"_self\"  href=\"https:\/\/brasileradigital.com.br\/index.php\/2025\/04\/29\/eita-lucas-praia-grande-ze-vaqueiro\/\">Eita Lucas Agita Praia Grande com Z\u00e9 Vaqueiro e Lucas Por Ai<\/a><\/div><\/h2><div class=\"wpr-grid-item-excerpt elementor-repeater-item-40754b8 wpr-grid-item-display-block wpr-grid-item-align-left\"><div class=\"inner-block\"><p>Prepare-se para uma dose de alegria e emo\u00e7\u00e3o direto da Praia Grande! O programa &#8220;Eita Lucas&#8221; chegou com tudo, trazendo&hellip;<\/p><\/div><\/div><div class=\"wpr-grid-item-read-more elementor-repeater-item-9dde51f wpr-grid-item-display-block wpr-grid-item-align-left\"><div class=\"inner-block\"><a target=\"_self\" href=\"https:\/\/brasileradigital.com.br\/index.php\/2025\/04\/29\/eita-lucas-praia-grande-ze-vaqueiro\/\" class=\"wpr-button-effect wpr-button-none\"><span>Ler Mais<\/span><span class=\"wpr-grid-extra-icon-right\"><i aria-hidden=\"true\" class=\"im im-arrow-right\"><\/i><\/span><\/a><\/div><\/div><\/div><\/div><\/article><article class=\"wpr-grid-item elementor-clearfix post-1736 post type-post status-publish format-standard has-post-thumbnail hentry category-camila-loures category-podcats\"><div class=\"wpr-grid-item-inner\"><div class=\"wpr-grid-media-wrap wpr-effect-size-medium \" data-overlay-link=\"yes\"><div class=\"wpr-grid-image-wrap\" data-src=\"https:\/\/brasileradigital.com.br\/wp-content\/uploads\/2025\/04\/ESSE-E.png\" data-img-on-hover=\"\"  data-src-secondary=\"\"><img decoding=\"async\" data-no-lazy=\"1\" src=\"https:\/\/brasileradigital.com.br\/wp-content\/uploads\/2025\/04\/ESSE-E.png\" alt=\"ESTREIA DA NOVA TEMPORADA DO PODCATS\" class=\"wpr-anim-timing-ease-default\"><\/div><div class=\"wpr-grid-media-hover wpr-animation-wrap\"><div class=\"wpr-grid-media-hover-bg  wpr-overlay-fade-in wpr-anim-size-large wpr-anim-timing-ease-default wpr-anim-transparency\" data-url=\"https:\/\/brasileradigital.com.br\/index.php\/2025\/04\/24\/nova-temporada-podcats-camila-loures\/\"><\/div><\/div><\/div><div class=\"wpr-grid-item-below-content elementor-clearfix\"><div class=\"wpr-grid-item-date elementor-repeater-item-a1f59bb wpr-grid-item-display-inline wpr-grid-item-align-left\"><div class=\"inner-block\"><span>24 de abril de 2025<span class=\"wpr-grid-extra-text-right\">\/<\/span><\/span><\/div><\/div><h2 class=\"wpr-grid-item-title elementor-repeater-item-3088716 wpr-grid-item-display-block wpr-grid-item-align-left wpr-pointer-none wpr-pointer-line-fx wpr-pointer-fx-fade\"><div class=\"inner-block\"><a target=\"_self\"  href=\"https:\/\/brasileradigital.com.br\/index.php\/2025\/04\/24\/nova-temporada-podcats-camila-loures\/\">ESTREIA DA NOVA TEMPORADA DO PODCATS<\/a><\/div><\/h2><div class=\"wpr-grid-item-excerpt elementor-repeater-item-40754b8 wpr-grid-item-display-block wpr-grid-item-align-left\"><div class=\"inner-block\"><p>Camila Loures d\u00e1 o start na nova temporada do PodCats com mais pot\u00eancia, personalidade e convidados bomb\u00e1sticos! A nova temporada&hellip;<\/p><\/div><\/div><div class=\"wpr-grid-item-read-more elementor-repeater-item-9dde51f wpr-grid-item-display-block wpr-grid-item-align-left\"><div class=\"inner-block\"><a target=\"_self\" href=\"https:\/\/brasileradigital.com.br\/index.php\/2025\/04\/24\/nova-temporada-podcats-camila-loures\/\" class=\"wpr-button-effect wpr-button-none\"><span>Ler Mais<\/span><span class=\"wpr-grid-extra-icon-right\"><i aria-hidden=\"true\" class=\"im im-arrow-right\"><\/i><\/span><\/a><\/div><\/div><\/div><\/div><\/article><article class=\"wpr-grid-item elementor-clearfix post-1711 post type-post status-publish format-standard has-post-thumbnail hentry category-sem-categoria\"><div class=\"wpr-grid-item-inner\"><div class=\"wpr-grid-media-wrap wpr-effect-size-medium \" data-overlay-link=\"yes\"><div class=\"wpr-grid-image-wrap\" data-src=\"https:\/\/brasileradigital.com.br\/wp-content\/uploads\/2025\/04\/ilha-loures-ilha-loures-ilha-loures-ilha-loures-ilha-loures-1.png\" data-img-on-hover=\"\"  data-src-secondary=\"\"><img decoding=\"async\" data-no-lazy=\"1\" src=\"https:\/\/brasileradigital.com.br\/wp-content\/uploads\/2025\/04\/ilha-loures-ilha-loures-ilha-loures-ilha-loures-ilha-loures-1.png\" alt=\"Grava\u00e7\u00e3o do Eita Lucas na Praia Grande promete agitar o final de semana com conte\u00fado e emo\u00e7\u00e3o\" class=\"wpr-anim-timing-ease-default\"><\/div><div class=\"wpr-grid-media-hover wpr-animation-wrap\"><div class=\"wpr-grid-media-hover-bg  wpr-overlay-fade-in wpr-anim-size-large wpr-anim-timing-ease-default wpr-anim-transparency\" data-url=\"https:\/\/brasileradigital.com.br\/index.php\/2025\/04\/09\/gravacao-do-eita-lucas-brasilera-digital\/\"><\/div><\/div><\/div><div class=\"wpr-grid-item-below-content elementor-clearfix\"><div class=\"wpr-grid-item-date elementor-repeater-item-a1f59bb wpr-grid-item-display-inline wpr-grid-item-align-left\"><div class=\"inner-block\"><span>9 de abril de 2025<span class=\"wpr-grid-extra-text-right\">\/<\/span><\/span><\/div><\/div><h2 class=\"wpr-grid-item-title elementor-repeater-item-3088716 wpr-grid-item-display-block wpr-grid-item-align-left wpr-pointer-none wpr-pointer-line-fx wpr-pointer-fx-fade\"><div class=\"inner-block\"><a target=\"_self\"  href=\"https:\/\/brasileradigital.com.br\/index.php\/2025\/04\/09\/gravacao-do-eita-lucas-brasilera-digital\/\">Grava\u00e7\u00e3o do Eita Lucas na Praia Grande promete agitar o final de semana com conte\u00fado e emo\u00e7\u00e3o<\/a><\/div><\/h2><div class=\"wpr-grid-item-excerpt elementor-repeater-item-40754b8 wpr-grid-item-display-block wpr-grid-item-align-left\"><div class=\"inner-block\"><p>Neste s\u00e1bado, a cidade de Praia Grande ser\u00e1 palco de mais uma grava\u00e7\u00e3o do fen\u00f4meno digital Eita Lucas, projeto de&hellip;<\/p><\/div><\/div><div class=\"wpr-grid-item-read-more elementor-repeater-item-9dde51f wpr-grid-item-display-block wpr-grid-item-align-left\"><div class=\"inner-block\"><a target=\"_self\" href=\"https:\/\/brasileradigital.com.br\/index.php\/2025\/04\/09\/gravacao-do-eita-lucas-brasilera-digital\/\" class=\"wpr-button-effect wpr-button-none\"><span>Ler Mais<\/span><span class=\"wpr-grid-extra-icon-right\"><i aria-hidden=\"true\" class=\"im im-arrow-right\"><\/i><\/span><\/a><\/div><\/div><\/div><\/div><\/article><article class=\"wpr-grid-item elementor-clearfix post-1707 post type-post status-publish format-standard has-post-thumbnail hentry category-sem-categoria\"><div class=\"wpr-grid-item-inner\"><div class=\"wpr-grid-media-wrap wpr-effect-size-medium \" data-overlay-link=\"yes\"><div class=\"wpr-grid-image-wrap\" data-src=\"https:\/\/brasileradigital.com.br\/wp-content\/uploads\/2025\/04\/Retrato-instagram-dia-do-reporter-ousado-vermelho.png\" data-img-on-hover=\"\"  data-src-secondary=\"\"><img decoding=\"async\" data-no-lazy=\"1\" src=\"https:\/\/brasileradigital.com.br\/wp-content\/uploads\/2025\/04\/Retrato-instagram-dia-do-reporter-ousado-vermelho.png\" alt=\"Dia do Jornalista: como a forma\u00e7\u00e3o de Jr C\u00e9sar influencia a comunica\u00e7\u00e3o da Brasilera Digital\" class=\"wpr-anim-timing-ease-default\"><\/div><div class=\"wpr-grid-media-hover wpr-animation-wrap\"><div class=\"wpr-grid-media-hover-bg  wpr-overlay-fade-in wpr-anim-size-large wpr-anim-timing-ease-default wpr-anim-transparency\" data-url=\"https:\/\/brasileradigital.com.br\/index.php\/2025\/04\/07\/dia-do-jornalista-comunicacao-com-proposito-jr-cesar\/\"><\/div><\/div><\/div><div class=\"wpr-grid-item-below-content elementor-clearfix\"><div class=\"wpr-grid-item-date elementor-repeater-item-a1f59bb wpr-grid-item-display-inline wpr-grid-item-align-left\"><div class=\"inner-block\"><span>7 de abril de 2025<span class=\"wpr-grid-extra-text-right\">\/<\/span><\/span><\/div><\/div><h2 class=\"wpr-grid-item-title elementor-repeater-item-3088716 wpr-grid-item-display-block wpr-grid-item-align-left wpr-pointer-none wpr-pointer-line-fx wpr-pointer-fx-fade\"><div class=\"inner-block\"><a target=\"_self\"  href=\"https:\/\/brasileradigital.com.br\/index.php\/2025\/04\/07\/dia-do-jornalista-comunicacao-com-proposito-jr-cesar\/\">Dia do Jornalista: como a forma\u00e7\u00e3o de Jr C\u00e9sar influencia a comunica\u00e7\u00e3o da Brasilera Digital<\/a><\/div><\/h2><div class=\"wpr-grid-item-excerpt elementor-repeater-item-40754b8 wpr-grid-item-display-block wpr-grid-item-align-left\"><div class=\"inner-block\"><p>O Dia do Jornalista, celebrado em 7 de abril, \u00e9 uma oportunidade de reconhecer a import\u00e2ncia da comunica\u00e7\u00e3o com prop\u00f3sito&hellip;<\/p><\/div><\/div><div class=\"wpr-grid-item-read-more elementor-repeater-item-9dde51f wpr-grid-item-display-block wpr-grid-item-align-left\"><div class=\"inner-block\"><a target=\"_self\" href=\"https:\/\/brasileradigital.com.br\/index.php\/2025\/04\/07\/dia-do-jornalista-comunicacao-com-proposito-jr-cesar\/\" class=\"wpr-button-effect wpr-button-none\"><span>Ler Mais<\/span><span class=\"wpr-grid-extra-icon-right\"><i aria-hidden=\"true\" class=\"im im-arrow-right\"><\/i><\/span><\/a><\/div><\/div><\/div><\/div><\/article><article class=\"wpr-grid-item elementor-clearfix post-1675 post type-post status-publish format-standard has-post-thumbnail hentry category-lulu\"><div class=\"wpr-grid-item-inner\"><div class=\"wpr-grid-media-wrap wpr-effect-size-medium \" data-overlay-link=\"yes\"><div class=\"wpr-grid-image-wrap\" data-src=\"https:\/\/brasileradigital.com.br\/wp-content\/uploads\/2025\/03\/vanish-lulu.png\" data-img-on-hover=\"\"  data-src-secondary=\"\"><img decoding=\"async\" data-no-lazy=\"1\" src=\"https:\/\/brasileradigital.com.br\/wp-content\/uploads\/2025\/03\/vanish-lulu.png\" alt=\"Lulu Davola e sua m\u00e3e em uma campanha divertida e educativa com Vanish!\" class=\"wpr-anim-timing-ease-default\"><\/div><div class=\"wpr-grid-media-hover wpr-animation-wrap\"><div class=\"wpr-grid-media-hover-bg  wpr-overlay-fade-in wpr-anim-size-large wpr-anim-timing-ease-default wpr-anim-transparency\" data-url=\"https:\/\/brasileradigital.com.br\/index.php\/2025\/03\/31\/lulu-campanha-encantadora-com-vanish\/\"><\/div><\/div><\/div><div class=\"wpr-grid-item-below-content elementor-clearfix\"><div class=\"wpr-grid-item-date elementor-repeater-item-a1f59bb wpr-grid-item-display-inline wpr-grid-item-align-left\"><div class=\"inner-block\"><span>31 de mar\u00e7o de 2025<span class=\"wpr-grid-extra-text-right\">\/<\/span><\/span><\/div><\/div><h2 class=\"wpr-grid-item-title elementor-repeater-item-3088716 wpr-grid-item-display-block wpr-grid-item-align-left wpr-pointer-none wpr-pointer-line-fx wpr-pointer-fx-fade\"><div class=\"inner-block\"><a target=\"_self\"  href=\"https:\/\/brasileradigital.com.br\/index.php\/2025\/03\/31\/lulu-campanha-encantadora-com-vanish\/\">Lulu Davola e sua m\u00e3e em uma campanha divertida e educativa com Vanish!<\/a><\/div><\/h2><div class=\"wpr-grid-item-excerpt elementor-repeater-item-40754b8 wpr-grid-item-display-block wpr-grid-item-align-left\"><div class=\"inner-block\"><p>Preparando tudo para a volta \u00e0s aulas! Na hora de voltar para a escola, tem um momento que toda fam\u00edlia&hellip;<\/p><\/div><\/div><div class=\"wpr-grid-item-read-more elementor-repeater-item-9dde51f wpr-grid-item-display-block wpr-grid-item-align-left\"><div class=\"inner-block\"><a target=\"_self\" href=\"https:\/\/brasileradigital.com.br\/index.php\/2025\/03\/31\/lulu-campanha-encantadora-com-vanish\/\" class=\"wpr-button-effect wpr-button-none\"><span>Ler Mais<\/span><span class=\"wpr-grid-extra-icon-right\"><i aria-hidden=\"true\" class=\"im im-arrow-right\"><\/i><\/span><\/a><\/div><\/div><\/div><\/div><\/article><article class=\"wpr-grid-item elementor-clearfix post-1666 post type-post status-publish format-standard has-post-thumbnail hentry category-lucas-guimaraes tag-eitalucas tag-lucasguimaraes\"><div class=\"wpr-grid-item-inner\"><div class=\"wpr-grid-media-wrap wpr-effect-size-medium \" data-overlay-link=\"yes\"><div class=\"wpr-grid-image-wrap\" data-src=\"https:\/\/brasileradigital.com.br\/wp-content\/uploads\/2025\/03\/Prancheta-1-8.png\" data-img-on-hover=\"\"  data-src-secondary=\"\"><img decoding=\"async\" data-no-lazy=\"1\" src=\"https:\/\/brasileradigital.com.br\/wp-content\/uploads\/2025\/03\/Prancheta-1-8.png\" alt=\"Eita Lucas! registrou um aumento expressivo na audi\u00eancia. Lucas Guimar\u00e3es celebra crescimento de 52% de audi\u00eancia no SBT\" class=\"wpr-anim-timing-ease-default\"><\/div><div class=\"wpr-grid-media-hover wpr-animation-wrap\"><div class=\"wpr-grid-media-hover-bg  wpr-overlay-fade-in wpr-anim-size-large wpr-anim-timing-ease-default wpr-anim-transparency\" data-url=\"https:\/\/brasileradigital.com.br\/index.php\/2025\/03\/26\/eita-lucas-registrou-aumento-expressivo-na-audiencia-do-sbt\/\"><\/div><\/div><\/div><div class=\"wpr-grid-item-below-content elementor-clearfix\"><div class=\"wpr-grid-item-date elementor-repeater-item-a1f59bb wpr-grid-item-display-inline wpr-grid-item-align-left\"><div class=\"inner-block\"><span>26 de mar\u00e7o de 2025<span class=\"wpr-grid-extra-text-right\">\/<\/span><\/span><\/div><\/div><h2 class=\"wpr-grid-item-title elementor-repeater-item-3088716 wpr-grid-item-display-block wpr-grid-item-align-left wpr-pointer-none wpr-pointer-line-fx wpr-pointer-fx-fade\"><div class=\"inner-block\"><a target=\"_self\"  href=\"https:\/\/brasileradigital.com.br\/index.php\/2025\/03\/26\/eita-lucas-registrou-aumento-expressivo-na-audiencia-do-sbt\/\">Eita Lucas! registrou um aumento expressivo na audi\u00eancia. Lucas Guimar\u00e3es celebra crescimento de 52% de audi\u00eancia no SBT<\/a><\/div><\/h2><div class=\"wpr-grid-item-excerpt elementor-repeater-item-40754b8 wpr-grid-item-display-block wpr-grid-item-align-left\"><div class=\"inner-block\"><p>Eita Lucas! registro de aumento expressivo na audi\u00eancia do SBT Sem d\u00favida, Eita Lucas! registrou aumento expressivo na audi\u00eancia do&hellip;<\/p><\/div><\/div><div class=\"wpr-grid-item-read-more elementor-repeater-item-9dde51f wpr-grid-item-display-block wpr-grid-item-align-left\"><div class=\"inner-block\"><a target=\"_self\" href=\"https:\/\/brasileradigital.com.br\/index.php\/2025\/03\/26\/eita-lucas-registrou-aumento-expressivo-na-audiencia-do-sbt\/\" class=\"wpr-button-effect wpr-button-none\"><span>Ler Mais<\/span><span class=\"wpr-grid-extra-icon-right\"><i aria-hidden=\"true\" class=\"im im-arrow-right\"><\/i><\/span><\/a><\/div><\/div><\/div><\/div><\/article><article class=\"wpr-grid-item elementor-clearfix post-1619 post type-post status-publish format-standard has-post-thumbnail hentry category-lulu tag-bic tag-lulu tag-voltaasaulas\"><div class=\"wpr-grid-item-inner\"><div class=\"wpr-grid-media-wrap wpr-effect-size-medium \" data-overlay-link=\"yes\"><div class=\"wpr-grid-image-wrap\" data-src=\"https:\/\/brasileradigital.com.br\/wp-content\/uploads\/2025\/03\/lulu-capa-blog.png\" data-img-on-hover=\"\"  data-src-secondary=\"\"><img decoding=\"async\" data-no-lazy=\"1\" src=\"https:\/\/brasileradigital.com.br\/wp-content\/uploads\/2025\/03\/lulu-capa-blog.png\" alt=\"VOLTA \u00c0S AULAS COM LULU &#038; BIC!\" class=\"wpr-anim-timing-ease-default\"><\/div><div class=\"wpr-grid-media-hover wpr-animation-wrap\"><div class=\"wpr-grid-media-hover-bg  wpr-overlay-fade-in wpr-anim-size-large wpr-anim-timing-ease-default wpr-anim-transparency\" data-url=\"https:\/\/brasileradigital.com.br\/index.php\/2025\/03\/21\/volta-as-aulas-com-lulu-bic\/\"><\/div><\/div><\/div><div class=\"wpr-grid-item-below-content elementor-clearfix\"><div class=\"wpr-grid-item-date elementor-repeater-item-a1f59bb wpr-grid-item-display-inline wpr-grid-item-align-left\"><div class=\"inner-block\"><span>21 de mar\u00e7o de 2025<span class=\"wpr-grid-extra-text-right\">\/<\/span><\/span><\/div><\/div><h2 class=\"wpr-grid-item-title elementor-repeater-item-3088716 wpr-grid-item-display-block wpr-grid-item-align-left wpr-pointer-none wpr-pointer-line-fx wpr-pointer-fx-fade\"><div class=\"inner-block\"><a target=\"_self\"  href=\"https:\/\/brasileradigital.com.br\/index.php\/2025\/03\/21\/volta-as-aulas-com-lulu-bic\/\">VOLTA \u00c0S AULAS COM LULU &#038; BIC!<\/a><\/div><\/h2><div class=\"wpr-grid-item-excerpt elementor-repeater-item-40754b8 wpr-grid-item-display-block wpr-grid-item-align-left\"><div class=\"inner-block\"><p>Na magia do tra\u00e7o e da imagina\u00e7\u00e3o, Lulu e sua m\u00e3e deram vida \u00e0 nova linha de l\u00e1pis da BIC,&hellip;<\/p><\/div><\/div><div class=\"wpr-grid-item-read-more elementor-repeater-item-9dde51f wpr-grid-item-display-block wpr-grid-item-align-left\"><div class=\"inner-block\"><a target=\"_self\" href=\"https:\/\/brasileradigital.com.br\/index.php\/2025\/03\/21\/volta-as-aulas-com-lulu-bic\/\" class=\"wpr-button-effect wpr-button-none\"><span>Ler Mais<\/span><span class=\"wpr-grid-extra-icon-right\"><i aria-hidden=\"true\" class=\"im im-arrow-right\"><\/i><\/span><\/a><\/div><\/div><\/div><\/div><\/article><article class=\"wpr-grid-item elementor-clearfix post-1614 post type-post status-publish format-standard has-post-thumbnail hentry category-matteusamaral\"><div class=\"wpr-grid-item-inner\"><div class=\"wpr-grid-media-wrap wpr-effect-size-medium \" data-overlay-link=\"yes\"><div class=\"wpr-grid-image-wrap\" data-src=\"https:\/\/brasileradigital.com.br\/wp-content\/uploads\/2025\/03\/ilha-loures-ilha-loures-ilha-loures-ilha-loures-ilha-loures.png\" data-img-on-hover=\"\"  data-src-secondary=\"\"><img decoding=\"async\" data-no-lazy=\"1\" src=\"https:\/\/brasileradigital.com.br\/wp-content\/uploads\/2025\/03\/ilha-loures-ilha-loures-ilha-loures-ilha-loures-ilha-loures.png\" alt=\"De Carona com Matteus Amaral: uma experi\u00eancia inesquec\u00edvel!\" class=\"wpr-anim-timing-ease-default\"><\/div><div class=\"wpr-grid-media-hover wpr-animation-wrap\"><div class=\"wpr-grid-media-hover-bg  wpr-overlay-fade-in wpr-anim-size-large wpr-anim-timing-ease-default wpr-anim-transparency\" data-url=\"https:\/\/brasileradigital.com.br\/index.php\/2025\/03\/20\/de-carona-com-matteus-amaral-uma-experiencia-inesquecivel\/\"><\/div><\/div><\/div><div class=\"wpr-grid-item-below-content elementor-clearfix\"><div class=\"wpr-grid-item-date elementor-repeater-item-a1f59bb wpr-grid-item-display-inline wpr-grid-item-align-left\"><div class=\"inner-block\"><span>20 de mar\u00e7o de 2025<span class=\"wpr-grid-extra-text-right\">\/<\/span><\/span><\/div><\/div><h2 class=\"wpr-grid-item-title elementor-repeater-item-3088716 wpr-grid-item-display-block wpr-grid-item-align-left wpr-pointer-none wpr-pointer-line-fx wpr-pointer-fx-fade\"><div class=\"inner-block\"><a target=\"_self\"  href=\"https:\/\/brasileradigital.com.br\/index.php\/2025\/03\/20\/de-carona-com-matteus-amaral-uma-experiencia-inesquecivel\/\">De Carona com Matteus Amaral: uma experi\u00eancia inesquec\u00edvel!<\/a><\/div><\/h2><div class=\"wpr-grid-item-excerpt elementor-repeater-item-40754b8 wpr-grid-item-display-block wpr-grid-item-align-left\"><div class=\"inner-block\"><p>J\u00e1 imaginou pegar uma carona com seu artista favorito? Foi exatamente essa a surpresa que Matteus Amaral preparou para alguns&hellip;<\/p><\/div><\/div><div class=\"wpr-grid-item-read-more elementor-repeater-item-9dde51f wpr-grid-item-display-block wpr-grid-item-align-left\"><div class=\"inner-block\"><a target=\"_self\" href=\"https:\/\/brasileradigital.com.br\/index.php\/2025\/03\/20\/de-carona-com-matteus-amaral-uma-experiencia-inesquecivel\/\" class=\"wpr-button-effect wpr-button-none\"><span>Ler Mais<\/span><span class=\"wpr-grid-extra-icon-right\"><i aria-hidden=\"true\" class=\"im im-arrow-right\"><\/i><\/span><\/a><\/div><\/div><\/div><\/div><\/article><article class=\"wpr-grid-item elementor-clearfix post-1603 post type-post status-publish format-standard has-post-thumbnail hentry category-sem-categoria\"><div class=\"wpr-grid-item-inner\"><div class=\"wpr-grid-media-wrap wpr-effect-size-medium \" data-overlay-link=\"yes\"><div class=\"wpr-grid-image-wrap\" data-src=\"https:\/\/brasileradigital.com.br\/wp-content\/uploads\/2025\/03\/POST-MUDANCA-DE-HORARIO.png\" data-img-on-hover=\"\"  data-src-secondary=\"\"><img decoding=\"async\" data-no-lazy=\"1\" src=\"https:\/\/brasileradigital.com.br\/wp-content\/uploads\/2025\/03\/POST-MUDANCA-DE-HORARIO.png\" alt=\"EITA, LUCAS! NOVO HOR\u00c1RIO!\" class=\"wpr-anim-timing-ease-default\"><\/div><div class=\"wpr-grid-media-hover wpr-animation-wrap\"><div class=\"wpr-grid-media-hover-bg  wpr-overlay-fade-in wpr-anim-size-large wpr-anim-timing-ease-default wpr-anim-transparency\" data-url=\"https:\/\/brasileradigital.com.br\/index.php\/2025\/03\/19\/eita-lucas-novo-horario\/\"><\/div><\/div><\/div><div class=\"wpr-grid-item-below-content elementor-clearfix\"><div class=\"wpr-grid-item-date elementor-repeater-item-a1f59bb wpr-grid-item-display-inline wpr-grid-item-align-left\"><div class=\"inner-block\"><span>19 de mar\u00e7o de 2025<span class=\"wpr-grid-extra-text-right\">\/<\/span><\/span><\/div><\/div><h2 class=\"wpr-grid-item-title elementor-repeater-item-3088716 wpr-grid-item-display-block wpr-grid-item-align-left wpr-pointer-none wpr-pointer-line-fx wpr-pointer-fx-fade\"><div class=\"inner-block\"><a target=\"_self\"  href=\"https:\/\/brasileradigital.com.br\/index.php\/2025\/03\/19\/eita-lucas-novo-horario\/\">EITA, LUCAS! NOVO HOR\u00c1RIO!<\/a><\/div><\/h2><div class=\"wpr-grid-item-excerpt elementor-repeater-item-40754b8 wpr-grid-item-display-block wpr-grid-item-align-left\"><div class=\"inner-block\"><p>Aten\u00e7\u00e3o, f\u00e3s do Eita, Lucas!: temos uma super novidade para voc\u00eas! A partir de agora, o programa estar\u00e1 em novo&hellip;<\/p><\/div><\/div><div class=\"wpr-grid-item-read-more elementor-repeater-item-9dde51f wpr-grid-item-display-block wpr-grid-item-align-left\"><div class=\"inner-block\"><a target=\"_self\" href=\"https:\/\/brasileradigital.com.br\/index.php\/2025\/03\/19\/eita-lucas-novo-horario\/\" class=\"wpr-button-effect wpr-button-none\"><span>Ler Mais<\/span><span class=\"wpr-grid-extra-icon-right\"><i aria-hidden=\"true\" class=\"im im-arrow-right\"><\/i><\/span><\/a><\/div><\/div><\/div><\/div><\/article><\/section><div class=\"wpr-grid-pagination elementor-clearfix wpr-grid-pagination-load-more\"><a href=\"https:\/\/brasileradigital.com.br\/index.php\/wp-json\/wp\/v2\/pages\/2004\/page\/2\/\" class=\"wpr-load-more-btn\" data-e-disable-page-transition >Carregar Mais Artigos<\/a><div class=\"wpr-pagination-loading\"><div class=\"wpr-double-bounce\"><div class=\"wpr-child wpr-double-bounce1\"><\/div><div class=\"wpr-child wpr-double-bounce2\"><\/div><\/div><\/div><p class=\"wpr-pagination-finish\">End of Content.<\/p><\/div>\t\t\t\t<\/div>\n\t\t\t\t<\/div>\n\t\t\t\t<\/div>\n\t\t\t\t\t<\/div>\n\t\t\t\t<\/div>\n\t\t<div class=\"elementor-element elementor-element-2c565d6 e-flex e-con-boxed wpr-particle-no wpr-jarallax-no wpr-parallax-no wpr-sticky-section-no e-con e-parent\" data-id=\"2c565d6\" data-element_type=\"container\" data-settings=\"{&quot;background_background&quot;:&quot;classic&quot;}\">\n\t\t\t\t\t<div class=\"e-con-inner\">\n\t\t\t\t<div class=\"elementor-element elementor-element-81d9c78 elementor-widget__width-initial jltma-glass-effect-no elementor-widget elementor-widget-video\" data-id=\"81d9c78\" data-element_type=\"widget\" data-settings=\"{&quot;video_type&quot;:&quot;hosted&quot;,&quot;autoplay&quot;:&quot;yes&quot;,&quot;play_on_mobile&quot;:&quot;yes&quot;,&quot;loop&quot;:&quot;yes&quot;}\" data-widget_type=\"video.default\">\n\t\t\t\t<div class=\"elementor-widget-container\">\n\t\t\t\t\t\t\t<div class=\"e-hosted-video elementor-wrapper elementor-open-inline\">\n\t\t\t\t\t<video class=\"elementor-video\" src=\"https:\/\/brasileradigital.com.br\/wp-content\/uploads\/2025\/08\/Motion-3-com-fundo.mp4\" autoplay=\"\" loop=\"\" playsinline=\"\" controlsList=\"nodownload\"><\/video>\n\t\t\t\t<\/div>\n\t\t\t\t\t\t<\/div>\n\t\t\t\t<\/div>\n\t\t\t\t\t<\/div>\n\t\t\t\t<\/div>\n\t\t<div class=\"elementor-element elementor-element-47e7133 e-flex e-con-boxed wpr-particle-no wpr-jarallax-no wpr-parallax-no wpr-sticky-section-no e-con e-parent\" data-id=\"47e7133\" data-element_type=\"container\" data-settings=\"{&quot;background_background&quot;:&quot;classic&quot;}\">\n\t\t\t\t\t<div class=\"e-con-inner\">\n\t\t<div class=\"elementor-element elementor-element-ee88314 e-con-full e-flex wpr-particle-no wpr-jarallax-no wpr-parallax-no wpr-sticky-section-no e-con e-child\" data-id=\"ee88314\" data-element_type=\"container\">\n\t\t\t\t<div class=\"elementor-element elementor-element-04528d5 elementor-widget__width-initial jltma-glass-effect-no elementor-widget elementor-widget-image\" data-id=\"04528d5\" data-element_type=\"widget\" data-widget_type=\"image.default\">\n\t\t\t\t<div class=\"elementor-widget-container\">\n\t\t\t\t\t\t\t\t\t\t\t\t\t\t\t<img decoding=\"async\" width=\"222\" height=\"88\" src=\"https:\/\/brasileradigital.com.br\/wp-content\/uploads\/2025\/08\/Camada_1.png\" class=\"attachment-large size-large wp-image-2035\" alt=\"\" \/>\t\t\t\t\t\t\t\t\t\t\t\t\t\t\t<\/div>\n\t\t\t\t<\/div>\n\t\t<div class=\"elementor-element elementor-element-4310ed5 e-con-full e-flex wpr-particle-no wpr-jarallax-no wpr-parallax-no wpr-sticky-section-no e-con e-child\" data-id=\"4310ed5\" data-element_type=\"container\">\n\t\t\t\t<div class=\"elementor-element elementor-element-891c2f9 elementor-widget__width-initial jltma-glass-effect-no elementor-widget elementor-widget-heading\" data-id=\"891c2f9\" data-element_type=\"widget\" data-widget_type=\"heading.default\">\n\t\t\t\t<div class=\"elementor-widget-container\">\n\t\t\t\t\t<h2 class=\"elementor-heading-title elementor-size-default\">Menu<\/h2>\t\t\t\t<\/div>\n\t\t\t\t<\/div>\n\t\t\t\t<div class=\"elementor-element elementor-element-a1e510d elementor-widget__width-initial jltma-glass-effect-no elementor-widget elementor-widget-heading\" data-id=\"a1e510d\" data-element_type=\"widget\" data-widget_type=\"heading.default\">\n\t\t\t\t<div class=\"elementor-widget-container\">\n\t\t\t\t\t<h2 class=\"elementor-heading-title elementor-size-default\"><a href=\"https:\/\/brasileradigital.com.br\/index.php\/contato\/\">Contato<\/a><\/h2>\t\t\t\t<\/div>\n\t\t\t\t<\/div>\n\t\t\t\t<div class=\"elementor-element elementor-element-d606d5f elementor-widget__width-initial jltma-glass-effect-no elementor-widget elementor-widget-heading\" data-id=\"d606d5f\" data-element_type=\"widget\" data-widget_type=\"heading.default\">\n\t\t\t\t<div class=\"elementor-widget-container\">\n\t\t\t\t\t<h2 class=\"elementor-heading-title elementor-size-default\"><a href=\"https:\/\/brasileradigital.com.br\/index.php\/contato\/\">Marcas<\/a><\/h2>\t\t\t\t<\/div>\n\t\t\t\t<\/div>\n\t\t\t\t<div class=\"elementor-element elementor-element-7a16d61 elementor-widget__width-initial jltma-glass-effect-no elementor-widget elementor-widget-heading\" data-id=\"7a16d61\" data-element_type=\"widget\" data-widget_type=\"heading.default\">\n\t\t\t\t<div class=\"elementor-widget-container\">\n\t\t\t\t\t<h2 class=\"elementor-heading-title elementor-size-default\"><a href=\"https:\/\/brasileradigital.com.br\/index.php\/contato\/\">Influenciadores<\/a><\/h2>\t\t\t\t<\/div>\n\t\t\t\t<\/div>\n\t\t\t\t<\/div>\n\t\t<div class=\"elementor-element elementor-element-294de50 e-con-full e-flex wpr-particle-no wpr-jarallax-no wpr-parallax-no wpr-sticky-section-no e-con e-child\" data-id=\"294de50\" data-element_type=\"container\">\n\t\t\t\t<div class=\"elementor-element elementor-element-8e8993b elementor-widget__width-initial jltma-glass-effect-no elementor-widget elementor-widget-heading\" data-id=\"8e8993b\" data-element_type=\"widget\" data-widget_type=\"heading.default\">\n\t\t\t\t<div class=\"elementor-widget-container\">\n\t\t\t\t\t<h2 class=\"elementor-heading-title elementor-size-default\">Endere\u00e7o<\/h2>\t\t\t\t<\/div>\n\t\t\t\t<\/div>\n\t\t\t\t<div class=\"elementor-element elementor-element-ca6932d elementor-icon-list--layout-traditional elementor-list-item-link-full_width jltma-glass-effect-no elementor-widget elementor-widget-icon-list\" data-id=\"ca6932d\" data-element_type=\"widget\" data-widget_type=\"icon-list.default\">\n\t\t\t\t<div class=\"elementor-widget-container\">\n\t\t\t\t\t\t\t<ul class=\"elementor-icon-list-items\">\n\t\t\t\t\t\t\t<li class=\"elementor-icon-list-item\">\n\t\t\t\t\t\t\t\t\t\t\t<span class=\"elementor-icon-list-icon\">\n\t\t\t\t\t\t\t<i aria-hidden=\"true\" class=\"lnr lnr-map-marker\"><\/i>\t\t\t\t\t\t<\/span>\n\t\t\t\t\t\t\t\t\t\t<span class=\"elementor-icon-list-text\">S\u00e3o Paulo Endere\u00e7o: Av. das Na\u00e7\u00f5es Unidas, 12901 - Cidade Mon\u00e7\u00f5es, S\u00e3o Paulo - SP, 04578-000<\/span>\n\t\t\t\t\t\t\t\t\t<\/li>\n\t\t\t\t\t\t<\/ul>\n\t\t\t\t\t\t<\/div>\n\t\t\t\t<\/div>\n\t\t\t\t<\/div>\n\t\t<div class=\"elementor-element elementor-element-efb4335 e-con-full e-flex wpr-particle-no wpr-jarallax-no wpr-parallax-no wpr-sticky-section-no e-con e-child\" data-id=\"efb4335\" data-element_type=\"container\">\n\t\t\t\t<div class=\"elementor-element elementor-element-41bd24c elementor-widget__width-initial jltma-glass-effect-no elementor-widget elementor-widget-heading\" data-id=\"41bd24c\" data-element_type=\"widget\" data-widget_type=\"heading.default\">\n\t\t\t\t<div class=\"elementor-widget-container\">\n\t\t\t\t\t<h2 class=\"elementor-heading-title elementor-size-default\">Nos acompanhe nas redes<\/h2>\t\t\t\t<\/div>\n\t\t\t\t<\/div>\n\t\t\t\t<div class=\"elementor-element elementor-element-017b015 elementor-icon-list--layout-traditional elementor-list-item-link-full_width jltma-glass-effect-no elementor-widget elementor-widget-icon-list\" data-id=\"017b015\" data-element_type=\"widget\" data-widget_type=\"icon-list.default\">\n\t\t\t\t<div class=\"elementor-widget-container\">\n\t\t\t\t\t\t\t<ul class=\"elementor-icon-list-items\">\n\t\t\t\t\t\t\t<li class=\"elementor-icon-list-item\">\n\t\t\t\t\t\t\t\t\t\t\t<span class=\"elementor-icon-list-icon\">\n\t\t\t\t\t\t\t<svg aria-hidden=\"true\" class=\"e-font-icon-svg e-fab-instagram\" viewBox=\"0 0 448 512\" xmlns=\"http:\/\/www.w3.org\/2000\/svg\"><path d=\"M224.1 141c-63.6 0-114.9 51.3-114.9 114.9s51.3 114.9 114.9 114.9S339 319.5 339 255.9 287.7 141 224.1 141zm0 189.6c-41.1 0-74.7-33.5-74.7-74.7s33.5-74.7 74.7-74.7 74.7 33.5 74.7 74.7-33.6 74.7-74.7 74.7zm146.4-194.3c0 14.9-12 26.8-26.8 26.8-14.9 0-26.8-12-26.8-26.8s12-26.8 26.8-26.8 26.8 12 26.8 26.8zm76.1 27.2c-1.7-35.9-9.9-67.7-36.2-93.9-26.2-26.2-58-34.4-93.9-36.2-37-2.1-147.9-2.1-184.9 0-35.8 1.7-67.6 9.9-93.9 36.1s-34.4 58-36.2 93.9c-2.1 37-2.1 147.9 0 184.9 1.7 35.9 9.9 67.7 36.2 93.9s58 34.4 93.9 36.2c37 2.1 147.9 2.1 184.9 0 35.9-1.7 67.7-9.9 93.9-36.2 26.2-26.2 34.4-58 36.2-93.9 2.1-37 2.1-147.8 0-184.8zM398.8 388c-7.8 19.6-22.9 34.7-42.6 42.6-29.5 11.7-99.5 9-132.1 9s-102.7 2.6-132.1-9c-19.6-7.8-34.7-22.9-42.6-42.6-11.7-29.5-9-99.5-9-132.1s-2.6-102.7 9-132.1c7.8-19.6 22.9-34.7 42.6-42.6 29.5-11.7 99.5-9 132.1-9s102.7-2.6 132.1 9c19.6 7.8 34.7 22.9 42.6 42.6 11.7 29.5 9 99.5 9 132.1s2.7 102.7-9 132.1z\"><\/path><\/svg>\t\t\t\t\t\t<\/span>\n\t\t\t\t\t\t\t\t\t\t<span class=\"elementor-icon-list-text\">Instagram<\/span>\n\t\t\t\t\t\t\t\t\t<\/li>\n\t\t\t\t\t\t\t\t<li class=\"elementor-icon-list-item\">\n\t\t\t\t\t\t\t\t\t\t\t<span class=\"elementor-icon-list-icon\">\n\t\t\t\t\t\t\t<i aria-hidden=\"true\" class=\"icon icon-linkedin\"><\/i>\t\t\t\t\t\t<\/span>\n\t\t\t\t\t\t\t\t\t\t<span class=\"elementor-icon-list-text\">Linkedin<\/span>\n\t\t\t\t\t\t\t\t\t<\/li>\n\t\t\t\t\t\t\t\t<li class=\"elementor-icon-list-item\">\n\t\t\t\t\t\t\t\t\t\t\t<span class=\"elementor-icon-list-icon\">\n\t\t\t\t\t\t\t<svg aria-hidden=\"true\" class=\"e-font-icon-svg e-fab-tiktok\" viewBox=\"0 0 448 512\" xmlns=\"http:\/\/www.w3.org\/2000\/svg\"><path d=\"M448,209.91a210.06,210.06,0,0,1-122.77-39.25V349.38A162.55,162.55,0,1,1,185,188.31V278.2a74.62,74.62,0,1,0,52.23,71.18V0l88,0a121.18,121.18,0,0,0,1.86,22.17h0A122.18,122.18,0,0,0,381,102.39a121.43,121.43,0,0,0,67,20.14Z\"><\/path><\/svg>\t\t\t\t\t\t<\/span>\n\t\t\t\t\t\t\t\t\t\t<span class=\"elementor-icon-list-text\">Tiktok<\/span>\n\t\t\t\t\t\t\t\t\t<\/li>\n\t\t\t\t\t\t<\/ul>\n\t\t\t\t\t\t<\/div>\n\t\t\t\t<\/div>\n\t\t\t\t<\/div>\n\t\t\t\t<\/div>\n\t\t\t\t<div class=\"elementor-element elementor-element-22846ec jltma-glass-effect-no elementor-widget elementor-widget-text-editor\" data-id=\"22846ec\" data-element_type=\"widget\" data-widget_type=\"text-editor.default\">\n\t\t\t\t<div class=\"elementor-widget-container\">\n\t\t\t\t\t\t\t\t\t<p>Copyright \u00a9 &#8211; BD MEDIA 2025 &#8211; design por Ply Agency<\/p>\t\t\t\t\t\t\t\t<\/div>\n\t\t\t\t<\/div>\n\t\t\t\t\t<\/div>\n\t\t\t\t<\/div>\n\t\t\t\t<\/div>\n\t\t","protected":false},"excerpt":{"rendered":"<p>Contato Blog All Posts camila loures Carnaval lucas Lucas Guimar\u00e3es lulu matteusamaral PODCATS Sem categoria 29 de abril de 2025\/ Eita Lucas Agita Praia Grande com Z\u00e9 Vaqueiro e Lucas Por Ai Prepare-se para uma dose de alegria e emo\u00e7\u00e3o direto da Praia Grande! O programa &#8220;Eita Lucas&#8221; chegou com tudo, trazendo&hellip; Ler Mais 24 de abril de 2025\/ ESTREIA DA NOVA TEMPORADA DO PODCATS Camila Loures d\u00e1 o start na nova temporada do PodCats com mais pot\u00eancia, personalidade e convidados bomb\u00e1sticos! A nova temporada&hellip; Ler Mais 9 de abril de 2025\/ Grava\u00e7\u00e3o do Eita Lucas na Praia Grande promete agitar o final de semana com conte\u00fado e emo\u00e7\u00e3o Neste s\u00e1bado, a cidade de Praia Grande ser\u00e1 palco de mais uma grava\u00e7\u00e3o do fen\u00f4meno digital Eita Lucas, projeto de&hellip; Ler Mais 7 de abril de 2025\/ Dia do Jornalista: como a forma\u00e7\u00e3o de Jr C\u00e9sar influencia a comunica\u00e7\u00e3o da Brasilera Digital O Dia do Jornalista, celebrado em 7 de abril, \u00e9 uma oportunidade de reconhecer a import\u00e2ncia da comunica\u00e7\u00e3o com prop\u00f3sito&hellip; Ler Mais 31 de mar\u00e7o de 2025\/ Lulu Davola e sua m\u00e3e em uma campanha divertida e educativa com Vanish! Preparando tudo para a volta \u00e0s aulas! Na hora de voltar para a escola, tem um momento que toda fam\u00edlia&hellip; Ler Mais 26 de mar\u00e7o de 2025\/ Eita Lucas! registrou um aumento expressivo na audi\u00eancia. Lucas Guimar\u00e3es celebra crescimento de 52% de audi\u00eancia no SBT Eita Lucas! registro de aumento expressivo na audi\u00eancia do SBT Sem d\u00favida, Eita Lucas! registrou aumento expressivo na audi\u00eancia do&hellip; Ler Mais 21 de mar\u00e7o de 2025\/ VOLTA \u00c0S AULAS COM LULU &#038; BIC! Na magia do tra\u00e7o e da imagina\u00e7\u00e3o, Lulu e sua m\u00e3e deram vida \u00e0 nova linha de l\u00e1pis da BIC,&hellip; Ler Mais 20 de mar\u00e7o de 2025\/ De Carona com Matteus Amaral: uma experi\u00eancia inesquec\u00edvel! J\u00e1 imaginou pegar uma carona com seu artista favorito? Foi exatamente essa a surpresa que Matteus Amaral preparou para alguns&hellip; Ler Mais 19 de mar\u00e7o de 2025\/ EITA, LUCAS! NOVO HOR\u00c1RIO! Aten\u00e7\u00e3o, f\u00e3s do Eita, Lucas!: temos uma super novidade para voc\u00eas! A partir de agora, o programa estar\u00e1 em novo&hellip; Ler Mais Carregar Mais Artigos End of Content. https:\/\/brasileradigital.com.br\/wp-content\/uploads\/2025\/08\/Motion-3-com-fundo.mp4 Menu Contato Marcas Influenciadores Endere\u00e7o S\u00e3o Paulo Endere\u00e7o: Av. das Na\u00e7\u00f5es Unidas, 12901 &#8211; Cidade Mon\u00e7\u00f5es, S\u00e3o Paulo &#8211; SP, 04578-000 Nos acompanhe nas redes Instagram Linkedin Tiktok Copyright \u00a9 &#8211; BD MEDIA 2025 &#8211; design por Ply Agency<\/p>\n","protected":false},"author":1,"featured_media":0,"parent":0,"menu_order":0,"comment_status":"closed","ping_status":"closed","template":"elementor_header_footer","meta":{"footnotes":""},"class_list":["post-2004","page","type-page","status-publish","hentry"],"yoast_head":"<!-- This site is optimized with the Yoast SEO plugin v24.7 - https:\/\/yoast.com\/wordpress\/plugins\/seo\/ -->\n<title>Brasilera Digital - Brasilera Digital<\/title>\n<meta name=\"robots\" content=\"index, follow, max-snippet:-1, max-image-preview:large, max-video-preview:-1\" \/>\n<link rel=\"canonical\" href=\"https:\/\/brasileradigital.com.br\/index.php\/blog-2\/\" \/>\n<meta property=\"og:locale\" content=\"pt_BR\" \/>\n<meta property=\"og:type\" content=\"article\" \/>\n<meta property=\"og:title\" content=\"Brasilera Digital - Brasilera Digital\" \/>\n<meta property=\"og:description\" content=\"Contato Blog All Posts camila loures Carnaval lucas Lucas Guimar\u00e3es lulu matteusamaral PODCATS Sem categoria 29 de abril de 2025\/ Eita Lucas Agita Praia Grande com Z\u00e9 Vaqueiro e Lucas Por Ai Prepare-se para uma dose de alegria e emo\u00e7\u00e3o direto da Praia Grande! O programa &#8220;Eita Lucas&#8221; chegou com tudo, trazendo&hellip; Ler Mais 24 de abril de 2025\/ ESTREIA DA NOVA TEMPORADA DO PODCATS Camila Loures d\u00e1 o start na nova temporada do PodCats com mais pot\u00eancia, personalidade e convidados bomb\u00e1sticos! A nova temporada&hellip; Ler Mais 9 de abril de 2025\/ Grava\u00e7\u00e3o do Eita Lucas na Praia Grande promete agitar o final de semana com conte\u00fado e emo\u00e7\u00e3o Neste s\u00e1bado, a cidade de Praia Grande ser\u00e1 palco de mais uma grava\u00e7\u00e3o do fen\u00f4meno digital Eita Lucas, projeto de&hellip; Ler Mais 7 de abril de 2025\/ Dia do Jornalista: como a forma\u00e7\u00e3o de Jr C\u00e9sar influencia a comunica\u00e7\u00e3o da Brasilera Digital O Dia do Jornalista, celebrado em 7 de abril, \u00e9 uma oportunidade de reconhecer a import\u00e2ncia da comunica\u00e7\u00e3o com prop\u00f3sito&hellip; Ler Mais 31 de mar\u00e7o de 2025\/ Lulu Davola e sua m\u00e3e em uma campanha divertida e educativa com Vanish! Preparando tudo para a volta \u00e0s aulas! Na hora de voltar para a escola, tem um momento que toda fam\u00edlia&hellip; Ler Mais 26 de mar\u00e7o de 2025\/ Eita Lucas! registrou um aumento expressivo na audi\u00eancia. Lucas Guimar\u00e3es celebra crescimento de 52% de audi\u00eancia no SBT Eita Lucas! registro de aumento expressivo na audi\u00eancia do SBT Sem d\u00favida, Eita Lucas! registrou aumento expressivo na audi\u00eancia do&hellip; Ler Mais 21 de mar\u00e7o de 2025\/ VOLTA \u00c0S AULAS COM LULU &#038; BIC! Na magia do tra\u00e7o e da imagina\u00e7\u00e3o, Lulu e sua m\u00e3e deram vida \u00e0 nova linha de l\u00e1pis da BIC,&hellip; Ler Mais 20 de mar\u00e7o de 2025\/ De Carona com Matteus Amaral: uma experi\u00eancia inesquec\u00edvel! J\u00e1 imaginou pegar uma carona com seu artista favorito? Foi exatamente essa a surpresa que Matteus Amaral preparou para alguns&hellip; Ler Mais 19 de mar\u00e7o de 2025\/ EITA, LUCAS! NOVO HOR\u00c1RIO! Aten\u00e7\u00e3o, f\u00e3s do Eita, Lucas!: temos uma super novidade para voc\u00eas! A partir de agora, o programa estar\u00e1 em novo&hellip; Ler Mais Carregar Mais Artigos End of Content. https:\/\/brasileradigital.com.br\/wp-content\/uploads\/2025\/08\/Motion-3-com-fundo.mp4 Menu Contato Marcas Influenciadores Endere\u00e7o S\u00e3o Paulo Endere\u00e7o: Av. das Na\u00e7\u00f5es Unidas, 12901 &#8211; Cidade Mon\u00e7\u00f5es, S\u00e3o Paulo &#8211; SP, 04578-000 Nos acompanhe nas redes Instagram Linkedin Tiktok Copyright \u00a9 &#8211; BD MEDIA 2025 &#8211; design por Ply Agency\" \/>\n<meta property=\"og:url\" content=\"https:\/\/brasileradigital.com.br\/index.php\/blog-2\/\" \/>\n<meta property=\"og:site_name\" content=\"Brasilera Digital\" \/>\n<meta property=\"article:modified_time\" content=\"2025-08-12T18:21:09+00:00\" \/>\n<meta property=\"og:image\" content=\"https:\/\/brasileradigital.com.br\/wp-content\/uploads\/2025\/08\/Frame-32.png\" \/>\n\t<meta property=\"og:image:width\" content=\"105\" \/>\n\t<meta property=\"og:image:height\" content=\"43\" \/>\n\t<meta property=\"og:image:type\" content=\"image\/png\" \/>\n<meta name=\"twitter:card\" content=\"summary_large_image\" \/>\n<meta name=\"twitter:label1\" content=\"Est. tempo de leitura\" \/>\n\t<meta name=\"twitter:data1\" content=\"5 minutos\" \/>\n<script type=\"application\/ld+json\" class=\"yoast-schema-graph\">{\"@context\":\"https:\/\/schema.org\",\"@graph\":[{\"@type\":\"WebPage\",\"@id\":\"https:\/\/brasileradigital.com.br\/index.php\/blog-2\/\",\"url\":\"https:\/\/brasileradigital.com.br\/index.php\/blog-2\/\",\"name\":\"Brasilera Digital - Brasilera Digital\",\"isPartOf\":{\"@id\":\"https:\/\/brasileradigital.com.br\/#website\"},\"primaryImageOfPage\":{\"@id\":\"https:\/\/brasileradigital.com.br\/index.php\/blog-2\/#primaryimage\"},\"image\":{\"@id\":\"https:\/\/brasileradigital.com.br\/index.php\/blog-2\/#primaryimage\"},\"thumbnailUrl\":\"https:\/\/brasileradigital.com.br\/wp-content\/uploads\/2025\/08\/Frame-32.png\",\"datePublished\":\"2025-08-11T20:51:01+00:00\",\"dateModified\":\"2025-08-12T18:21:09+00:00\",\"breadcrumb\":{\"@id\":\"https:\/\/brasileradigital.com.br\/index.php\/blog-2\/#breadcrumb\"},\"inLanguage\":\"pt-BR\",\"potentialAction\":[{\"@type\":\"ReadAction\",\"target\":[\"https:\/\/brasileradigital.com.br\/index.php\/blog-2\/\"]}]},{\"@type\":\"ImageObject\",\"inLanguage\":\"pt-BR\",\"@id\":\"https:\/\/brasileradigital.com.br\/index.php\/blog-2\/#primaryimage\",\"url\":\"https:\/\/brasileradigital.com.br\/wp-content\/uploads\/2025\/08\/Frame-32.png\",\"contentUrl\":\"https:\/\/brasileradigital.com.br\/wp-content\/uploads\/2025\/08\/Frame-32.png\",\"width\":105,\"height\":43},{\"@type\":\"BreadcrumbList\",\"@id\":\"https:\/\/brasileradigital.com.br\/index.php\/blog-2\/#breadcrumb\",\"itemListElement\":[{\"@type\":\"ListItem\",\"position\":1,\"name\":\"In\u00edcio\",\"item\":\"https:\/\/brasileradigital.com.br\/\"},{\"@type\":\"ListItem\",\"position\":2,\"name\":\"Blog 2\"}]},{\"@type\":\"WebSite\",\"@id\":\"https:\/\/brasileradigital.com.br\/#website\",\"url\":\"https:\/\/brasileradigital.com.br\/\",\"name\":\"Brasilera Digital\",\"description\":\"\",\"alternateName\":\"Brasilera Digital\",\"potentialAction\":[{\"@type\":\"SearchAction\",\"target\":{\"@type\":\"EntryPoint\",\"urlTemplate\":\"https:\/\/brasileradigital.com.br\/?s={search_term_string}\"},\"query-input\":{\"@type\":\"PropertyValueSpecification\",\"valueRequired\":true,\"valueName\":\"search_term_string\"}}],\"inLanguage\":\"pt-BR\"}]}<\/script>\n<!-- \/ Yoast SEO plugin. -->","yoast_head_json":{"title":"Brasilera Digital - Brasilera Digital","robots":{"index":"index","follow":"follow","max-snippet":"max-snippet:-1","max-image-preview":"max-image-preview:large","max-video-preview":"max-video-preview:-1"},"canonical":"https:\/\/brasileradigital.com.br\/index.php\/blog-2\/","og_locale":"pt_BR","og_type":"article","og_title":"Brasilera Digital - Brasilera Digital","og_description":"Contato Blog All Posts camila loures Carnaval lucas Lucas Guimar\u00e3es lulu matteusamaral PODCATS Sem categoria 29 de abril de 2025\/ Eita Lucas Agita Praia Grande com Z\u00e9 Vaqueiro e Lucas Por Ai Prepare-se para uma dose de alegria e emo\u00e7\u00e3o direto da Praia Grande! O programa &#8220;Eita Lucas&#8221; chegou com tudo, trazendo&hellip; Ler Mais 24 de abril de 2025\/ ESTREIA DA NOVA TEMPORADA DO PODCATS Camila Loures d\u00e1 o start na nova temporada do PodCats com mais pot\u00eancia, personalidade e convidados bomb\u00e1sticos! A nova temporada&hellip; Ler Mais 9 de abril de 2025\/ Grava\u00e7\u00e3o do Eita Lucas na Praia Grande promete agitar o final de semana com conte\u00fado e emo\u00e7\u00e3o Neste s\u00e1bado, a cidade de Praia Grande ser\u00e1 palco de mais uma grava\u00e7\u00e3o do fen\u00f4meno digital Eita Lucas, projeto de&hellip; Ler Mais 7 de abril de 2025\/ Dia do Jornalista: como a forma\u00e7\u00e3o de Jr C\u00e9sar influencia a comunica\u00e7\u00e3o da Brasilera Digital O Dia do Jornalista, celebrado em 7 de abril, \u00e9 uma oportunidade de reconhecer a import\u00e2ncia da comunica\u00e7\u00e3o com prop\u00f3sito&hellip; Ler Mais 31 de mar\u00e7o de 2025\/ Lulu Davola e sua m\u00e3e em uma campanha divertida e educativa com Vanish! Preparando tudo para a volta \u00e0s aulas! Na hora de voltar para a escola, tem um momento que toda fam\u00edlia&hellip; Ler Mais 26 de mar\u00e7o de 2025\/ Eita Lucas! registrou um aumento expressivo na audi\u00eancia. Lucas Guimar\u00e3es celebra crescimento de 52% de audi\u00eancia no SBT Eita Lucas! registro de aumento expressivo na audi\u00eancia do SBT Sem d\u00favida, Eita Lucas! registrou aumento expressivo na audi\u00eancia do&hellip; Ler Mais 21 de mar\u00e7o de 2025\/ VOLTA \u00c0S AULAS COM LULU &#038; BIC! Na magia do tra\u00e7o e da imagina\u00e7\u00e3o, Lulu e sua m\u00e3e deram vida \u00e0 nova linha de l\u00e1pis da BIC,&hellip; Ler Mais 20 de mar\u00e7o de 2025\/ De Carona com Matteus Amaral: uma experi\u00eancia inesquec\u00edvel! J\u00e1 imaginou pegar uma carona com seu artista favorito? Foi exatamente essa a surpresa que Matteus Amaral preparou para alguns&hellip; Ler Mais 19 de mar\u00e7o de 2025\/ EITA, LUCAS! NOVO HOR\u00c1RIO! Aten\u00e7\u00e3o, f\u00e3s do Eita, Lucas!: temos uma super novidade para voc\u00eas! A partir de agora, o programa estar\u00e1 em novo&hellip; Ler Mais Carregar Mais Artigos End of Content. https:\/\/brasileradigital.com.br\/wp-content\/uploads\/2025\/08\/Motion-3-com-fundo.mp4 Menu Contato Marcas Influenciadores Endere\u00e7o S\u00e3o Paulo Endere\u00e7o: Av. das Na\u00e7\u00f5es Unidas, 12901 &#8211; Cidade Mon\u00e7\u00f5es, S\u00e3o Paulo &#8211; SP, 04578-000 Nos acompanhe nas redes Instagram Linkedin Tiktok Copyright \u00a9 &#8211; BD MEDIA 2025 &#8211; design por Ply Agency","og_url":"https:\/\/brasileradigital.com.br\/index.php\/blog-2\/","og_site_name":"Brasilera Digital","article_modified_time":"2025-08-12T18:21:09+00:00","og_image":[{"width":105,"height":43,"url":"https:\/\/brasileradigital.com.br\/wp-content\/uploads\/2025\/08\/Frame-32.png","type":"image\/png"}],"twitter_card":"summary_large_image","twitter_misc":{"Est. tempo de leitura":"5 minutos"},"schema":{"@context":"https:\/\/schema.org","@graph":[{"@type":"WebPage","@id":"https:\/\/brasileradigital.com.br\/index.php\/blog-2\/","url":"https:\/\/brasileradigital.com.br\/index.php\/blog-2\/","name":"Brasilera Digital - Brasilera Digital","isPartOf":{"@id":"https:\/\/brasileradigital.com.br\/#website"},"primaryImageOfPage":{"@id":"https:\/\/brasileradigital.com.br\/index.php\/blog-2\/#primaryimage"},"image":{"@id":"https:\/\/brasileradigital.com.br\/index.php\/blog-2\/#primaryimage"},"thumbnailUrl":"https:\/\/brasileradigital.com.br\/wp-content\/uploads\/2025\/08\/Frame-32.png","datePublished":"2025-08-11T20:51:01+00:00","dateModified":"2025-08-12T18:21:09+00:00","breadcrumb":{"@id":"https:\/\/brasileradigital.com.br\/index.php\/blog-2\/#breadcrumb"},"inLanguage":"pt-BR","potentialAction":[{"@type":"ReadAction","target":["https:\/\/brasileradigital.com.br\/index.php\/blog-2\/"]}]},{"@type":"ImageObject","inLanguage":"pt-BR","@id":"https:\/\/brasileradigital.com.br\/index.php\/blog-2\/#primaryimage","url":"https:\/\/brasileradigital.com.br\/wp-content\/uploads\/2025\/08\/Frame-32.png","contentUrl":"https:\/\/brasileradigital.com.br\/wp-content\/uploads\/2025\/08\/Frame-32.png","width":105,"height":43},{"@type":"BreadcrumbList","@id":"https:\/\/brasileradigital.com.br\/index.php\/blog-2\/#breadcrumb","itemListElement":[{"@type":"ListItem","position":1,"name":"In\u00edcio","item":"https:\/\/brasileradigital.com.br\/"},{"@type":"ListItem","position":2,"name":"Blog 2"}]},{"@type":"WebSite","@id":"https:\/\/brasileradigital.com.br\/#website","url":"https:\/\/brasileradigital.com.br\/","name":"Brasilera Digital","description":"","alternateName":"Brasilera Digital","potentialAction":[{"@type":"SearchAction","target":{"@type":"EntryPoint","urlTemplate":"https:\/\/brasileradigital.com.br\/?s={search_term_string}"},"query-input":{"@type":"PropertyValueSpecification","valueRequired":true,"valueName":"search_term_string"}}],"inLanguage":"pt-BR"}]}},"_links":{"self":[{"href":"https:\/\/brasileradigital.com.br\/index.php\/wp-json\/wp\/v2\/pages\/2004","targetHints":{"allow":["GET"]}}],"collection":[{"href":"https:\/\/brasileradigital.com.br\/index.php\/wp-json\/wp\/v2\/pages"}],"about":[{"href":"https:\/\/brasileradigital.com.br\/index.php\/wp-json\/wp\/v2\/types\/page"}],"author":[{"embeddable":true,"href":"https:\/\/brasileradigital.com.br\/index.php\/wp-json\/wp\/v2\/users\/1"}],"replies":[{"embeddable":true,"href":"https:\/\/brasileradigital.com.br\/index.php\/wp-json\/wp\/v2\/comments?post=2004"}],"version-history":[{"count":16,"href":"https:\/\/brasileradigital.com.br\/index.php\/wp-json\/wp\/v2\/pages\/2004\/revisions"}],"predecessor-version":[{"id":2088,"href":"https:\/\/brasileradigital.com.br\/index.php\/wp-json\/wp\/v2\/pages\/2004\/revisions\/2088"}],"wp:attachment":[{"href":"https:\/\/brasileradigital.com.br\/index.php\/wp-json\/wp\/v2\/media?parent=2004"}],"curies":[{"name":"wp","href":"https:\/\/api.w.org\/{rel}","templated":true}]}}